{"id":68,"date":"2022-01-21T21:52:10","date_gmt":"2022-01-21T21:52:10","guid":{"rendered":"https:\/\/summercamp.wordifysites.com\/?page_id=68"},"modified":"2026-04-08T06:28:43","modified_gmt":"2026-04-08T06:28:43","slug":"home","status":"publish","type":"page","link":"https:\/\/myreikitour.com\/it\/","title":{"rendered":"Home"},"content":{"rendered":"\n<section class=\"gb-element-b78e5241\">\n<span class=\"gb-shape gb-shape-b9306c19 gb-shape--divider\"><svg xmlns=\"http:\/\/www.w3.org\/2000\/svg\" viewBox=\"0 0 1200 217.3\" preserveAspectRatio=\"none\"><path d=\"M1200 195.6l-25-22.2c-25-21.9-75-66.9-125-75.5-50-8.9-100 17.8-150 26.7-50 8.6-100 .2-150-13.3-50-13.1-100-31.4-150-26.7-50 4.4-100 31.1-150 26.7-50-4.8-100-39.8-150-66.7C250 18.1 200-.2 150 0 100-.2 50 18.1 25 26.7L0 35.6v181.7h1200v-21.7z\"><\/path><\/svg><\/span>\n\n\n\n<div class=\"gb-element-718281f2\">\n<h1 class=\"gb-text gb-text-6d2e3901\">My Reiki TOUR<\/h1>\n\n\n\n<p class=\"gb-text gb-text-0cb618db\"><em>Un viaggio esperienziale in Giappone<\/em><\/p>\n\n\n\n<p class=\"gb-text gb-text-b6fefbbf\">Con base a Kyoto, in piccolo gruppo, tra pratica Reiki, cammino e relazione con i luoghi<br><\/p>\n\n\n\n<a class=\"gb-text gb-text-2f09b9fa\" href=\"https:\/\/myreikitour.com\/date-reiki-tour\/\">scopri il prossimo tour<\/a>\n\n\n\n<a class=\"gb-text gb-text-903391c1 smooth-scroll\" href=\"#informazionitour\">Richiedi il programma<\/a>\n<\/div>\n<\/section>\n\n\n\n<section class=\"gb-element-1791d42c\">\n<div class=\"gb-element-c1fa58bd\">\n<div class=\"gb-element-63e45eef\">\n<h2 class=\"gb-text gb-text-4f94299c\"><em><strong>Il Reiki Tour in Giappone<\/strong><\/em><\/h2>\n\n\n\n<h2 class=\"gb-text gb-text-0670c70c\"><strong>Un\u2019esperienza in Giappone tra pratica, corpo e paesaggio<\/strong><\/h2>\n\n\n\n<p class=\"gb-text gb-text-415c7a80\">My Reiki Tour \u00e8 un viaggio in Giappone pensato per chi desidera vivere il Reiki anche attraverso il rapporto con i luoghi, il cammino e la dimensione del gruppo.<br>Il percorso si sviluppa a Kyoto e nei suoi dintorni, alternando momenti di pratica, spostamenti con i mezzi pubblici, visite e tempi condivisi. Il ritmo \u00e8 costruito in modo da permettere una reale permanenza nei luoghi, senza ridurli a tappe da attraversare rapidamente.<br>Il viaggio non segue il modello della vacanza organizzata, n\u00e9 quello di un ritiro separato dal contesto. Si struttura piuttosto come un\u2019esperienza guidata, in cui il Reiki si intreccia con il paesaggio, con il corpo e con la presenza nel gruppo.<\/p>\n\n\n\n<a class=\"gb-text gb-text-53db5647 smooth-scroll\" href=\"#informazionitour\">Richiedi il programma<\/a>\n<\/div>\n\n\n\n<div class=\"gb-element-51f4f6f0\">\n<h3 class=\"gb-text gb-text-d95d6ad9\">Elementi del percorso<\/h3>\n\n\n\n<h4 class=\"gb-text-07fefa63\"><span class=\"gb-shape\"><svg aria-hidden=\"true\" role=\"img\" height=\"1em\" width=\"1em\" viewBox=\"0 0 512 512\" xmlns=\"http:\/\/www.w3.org\/2000\/svg\"><path fill=\"currentColor\" d=\"M256 8C119.033 8 8 119.033 8 256s111.033 248 248 248 248-111.033 248-248S392.967 8 256 8zm0 48c110.532 0 200 89.451 200 200 0 110.532-89.451 200-200 200-110.532 0-200-89.451-200-200 0-110.532 89.451-200 200-200m140.204 130.267l-22.536-22.718c-4.667-4.705-12.265-4.736-16.97-.068L215.346 303.697l-59.792-60.277c-4.667-4.705-12.265-4.736-16.97-.069l-22.719 22.536c-4.705 4.667-4.736 12.265-.068 16.971l90.781 91.516c4.667 4.705 12.265 4.736 16.97.068l172.589-171.204c4.704-4.668 4.734-12.266.067-16.971z\"><\/path><\/svg><\/span><span class=\"gb-text\">Camminare nei luoghi<\/span><\/h4>\n\n\n\n<p class=\"gb-text gb-text-c1d02170\">Il rapporto con il paesaggio si costruisce attraverso il cammino, che diventa parte integrante dell\u2019esperienza.<\/p>\n\n\n\n<h5 class=\"gb-text-3521dac0\"><span class=\"gb-shape\"><svg aria-hidden=\"true\" role=\"img\" height=\"1em\" width=\"1em\" viewBox=\"0 0 512 512\" xmlns=\"http:\/\/www.w3.org\/2000\/svg\"><path fill=\"currentColor\" d=\"M256 8C119.033 8 8 119.033 8 256s111.033 248 248 248 248-111.033 248-248S392.967 8 256 8zm0 48c110.532 0 200 89.451 200 200 0 110.532-89.451 200-200 200-110.532 0-200-89.451-200-200 0-110.532 89.451-200 200-200m140.204 130.267l-22.536-22.718c-4.667-4.705-12.265-4.736-16.97-.068L215.346 303.697l-59.792-60.277c-4.667-4.705-12.265-4.736-16.97-.069l-22.719 22.536c-4.705 4.667-4.736 12.265-.068 16.971l90.781 91.516c4.667 4.705 12.265 4.736 16.97.068l172.589-171.204c4.704-4.668 4.734-12.266.067-16.971z\"><\/path><\/svg><\/span><span class=\"gb-text\"><strong>Pratica Reiki condivisa<\/strong><\/span><\/h5>\n\n\n\n<p class=\"gb-text gb-text-900d518c\">Momenti di pratica guidata si inseriscono nel ritmo del percorso, senza separarsi dal contesto.<\/p>\n\n\n\n<h5 class=\"gb-text-1bcd2244\"><span class=\"gb-shape\"><svg xmlns=\"http:\/\/www.w3.org\/2000\/svg\" viewBox=\"0 0 512 512\" width=\"1em\" height=\"1em\" aria-hidden=\"true\"><path d=\"M256 8C119.033 8 8 119.033 8 256s111.033 248 248 248 248-111.033 248-248S392.967 8 256 8zm0 48c110.532 0 200 89.451 200 200 0 110.532-89.451 200-200 200-110.532 0-200-89.451-200-200 0-110.532 89.451-200 200-200m140.204 130.267l-22.536-22.718c-4.667-4.705-12.265-4.736-16.97-.068L215.346 303.697l-59.792-60.277c-4.667-4.705-12.265-4.736-16.97-.069l-22.719 22.536c-4.705 4.667-4.736 12.265-.068 16.971l90.781 91.516c4.667 4.705 12.265 4.736 16.97.068l172.589-171.204c4.704-4.668 4.734-12.266.067-16.971z\" fill=\"currentColor\"><\/path><\/svg><\/span><span class=\"gb-text\"><strong>Kyoto come contesto vissuto<\/strong><\/span><\/h5>\n\n\n\n<p class=\"gb-text gb-text-e71cf4e3\">La citt\u00e0 non \u00e8 uno sfondo, ma uno spazio attraversato e abitato durante il viaggio.<\/p>\n\n\n\n<h5 class=\"gb-text-94638654\"><span class=\"gb-shape\"><svg xmlns=\"http:\/\/www.w3.org\/2000\/svg\" viewBox=\"0 0 512 512\" width=\"1em\" height=\"1em\" aria-hidden=\"true\"><path d=\"M256 8C119.033 8 8 119.033 8 256s111.033 248 248 248 248-111.033 248-248S392.967 8 256 8zm0 48c110.532 0 200 89.451 200 200 0 110.532-89.451 200-200 200-110.532 0-200-89.451-200-200 0-110.532 89.451-200 200-200m140.204 130.267l-22.536-22.718c-4.667-4.705-12.265-4.736-16.97-.068L215.346 303.697l-59.792-60.277c-4.667-4.705-12.265-4.736-16.97-.069l-22.719 22.536c-4.705 4.667-4.736 12.265-.068 16.971l90.781 91.516c4.667 4.705 12.265 4.736 16.97.068l172.589-171.204c4.704-4.668 4.734-12.266.067-16.971z\" fill=\"currentColor\"><\/path><\/svg><\/span><span class=\"gb-text\">Monte Kurama<\/span><\/h5>\n\n\n\n<p class=\"gb-text gb-text-f88702f7\">Luogo centrale del percorso, attraversato a piedi e legato all\u2019esperienza originaria del Reiki.<\/p>\n\n\n\n<h5 class=\"gb-text-ca54ca07\"><span class=\"gb-shape\"><svg xmlns=\"http:\/\/www.w3.org\/2000\/svg\" viewBox=\"0 0 512 512\" width=\"1em\" height=\"1em\" aria-hidden=\"true\"><path d=\"M256 8C119.033 8 8 119.033 8 256s111.033 248 248 248 248-111.033 248-248S392.967 8 256 8zm0 48c110.532 0 200 89.451 200 200 0 110.532-89.451 200-200 200-110.532 0-200-89.451-200-200 0-110.532 89.451-200 200-200m140.204 130.267l-22.536-22.718c-4.667-4.705-12.265-4.736-16.97-.068L215.346 303.697l-59.792-60.277c-4.667-4.705-12.265-4.736-16.97-.069l-22.719 22.536c-4.705 4.667-4.736 12.265-.068 16.971l90.781 91.516c4.667 4.705 12.265 4.736 16.97.068l172.589-171.204c4.704-4.668 4.734-12.266.067-16.971z\" fill=\"currentColor\"><\/path><\/svg><\/span><span class=\"gb-text\">Tra momenti condivisi e spazi personali<\/span><\/h5>\n\n\n\n<p class=\"gb-text gb-text-86f75cd9\">Il percorso alterna momenti condivisi e spazi personali, mantenendo una continuit\u00e0 dell\u2019esperienza.<\/p>\n<\/div>\n<\/div>\n<\/section>\n\n\n\n<div class=\"gb-element-37727e0e\">\n<section class=\"gb-element-6d8ee0b9\">\n<h2 class=\"gb-text gb-text-62fe7757\">Come si struttura l\u2019esperienza<\/h2>\n\n\n\n<h3 class=\"gb-text gb-text-953545f9\"><em>quattro dimensioni del Reiki Tour<\/em><\/h3>\n\n\n\n<div class=\"gb-element-2e6ac990\">\n<div class=\"gb-element-e45e12d7\">\n<img loading=\"lazy\" decoding=\"async\" width=\"1280\" height=\"960\" class=\"gb-media-bd825993\" src=\"https:\/\/myreikitour.com\/wp-content\/uploads\/2026\/04\/gruppo-giardino-kyoto.jpeg\" alt=\"\" title=\"gruppo giardino kyoto\" srcset=\"https:\/\/myreikitour.com\/wp-content\/uploads\/2026\/04\/gruppo-giardino-kyoto.jpeg 1280w, https:\/\/myreikitour.com\/wp-content\/uploads\/2026\/04\/gruppo-giardino-kyoto-300x225.jpeg 300w, https:\/\/myreikitour.com\/wp-content\/uploads\/2026\/04\/gruppo-giardino-kyoto-1024x768.jpeg 1024w, https:\/\/myreikitour.com\/wp-content\/uploads\/2026\/04\/gruppo-giardino-kyoto-768x576.jpeg 768w, https:\/\/myreikitour.com\/wp-content\/uploads\/2026\/04\/gruppo-giardino-kyoto-16x12.jpeg 16w\" sizes=\"auto, (max-width: 1280px) 100vw, 1280px\" \/>\n\n\n\n<div class=\"gb-text-2db615e2\"><span class=\"gb-shape\"><svg xmlns=\"http:\/\/www.w3.org\/2000\/svg\" viewBox=\"0 0 512 512\" width=\"1em\" height=\"1em\" aria-hidden=\"true\"><path d=\"M504 256c0 136.967-111.033 248-248 248S8 392.967 8 256 119.033 8 256 8s248 111.033 248 248zM227.314 387.314l184-184c6.248-6.248 6.248-16.379 0-22.627l-22.627-22.627c-6.248-6.249-16.379-6.249-22.628 0L216 308.118l-70.059-70.059c-6.248-6.248-16.379-6.248-22.628 0l-22.627 22.627c-6.248 6.248-6.248 16.379 0 22.627l104 104c6.249 6.249 16.379 6.249 22.628.001z\" fill=\"currentColor\"><\/path><\/svg><\/span><\/div>\n\n\n\n<h4 class=\"gb-text gb-text-34b21400\">Piccolo gruppo<\/h4>\n\n\n\n<p class=\"gb-text gb-text-d6799b0a\">Il numero contenuto di partecipanti consente di mantenere una qualit\u00e0 relazionale e una continuit\u00e0 dell\u2019esperienza lungo tutto il percorso.<\/p>\n<\/div>\n\n\n\n<div class=\"gb-element-44032bf5\">\n<img loading=\"lazy\" decoding=\"async\" width=\"1280\" height=\"960\" class=\"gb-media-c62a17ef\" src=\"https:\/\/myreikitour.com\/wp-content\/uploads\/2026\/04\/vista-kyomizu-dera.jpeg\" title=\"vista kyomizu dera\" alt=\"\" srcset=\"https:\/\/myreikitour.com\/wp-content\/uploads\/2026\/04\/vista-kyomizu-dera.jpeg 1280w, https:\/\/myreikitour.com\/wp-content\/uploads\/2026\/04\/vista-kyomizu-dera-300x225.jpeg 300w, https:\/\/myreikitour.com\/wp-content\/uploads\/2026\/04\/vista-kyomizu-dera-1024x768.jpeg 1024w, https:\/\/myreikitour.com\/wp-content\/uploads\/2026\/04\/vista-kyomizu-dera-768x576.jpeg 768w, https:\/\/myreikitour.com\/wp-content\/uploads\/2026\/04\/vista-kyomizu-dera-16x12.jpeg 16w\" sizes=\"auto, (max-width: 1280px) 100vw, 1280px\" \/>\n\n\n\n<div class=\"gb-text-7680ec78\"><span class=\"gb-shape\"><svg xmlns=\"http:\/\/www.w3.org\/2000\/svg\" viewBox=\"0 0 512 512\" width=\"1em\" height=\"1em\" aria-hidden=\"true\"><path d=\"M504 256c0 136.967-111.033 248-248 248S8 392.967 8 256 119.033 8 256 8s248 111.033 248 248zM227.314 387.314l184-184c6.248-6.248 6.248-16.379 0-22.627l-22.627-22.627c-6.248-6.249-16.379-6.249-22.628 0L216 308.118l-70.059-70.059c-6.248-6.248-16.379-6.248-22.628 0l-22.627 22.627c-6.248 6.248-6.248 16.379 0 22.627l104 104c6.249 6.249 16.379 6.249 22.628.001z\" fill=\"currentColor\"><\/path><\/svg><\/span><\/div>\n\n\n\n<h4 class=\"gb-text gb-text-83729e82\"><strong>Kyoto come base<\/strong><\/h4>\n\n\n\n<p class=\"gb-text gb-text-dd4eeb04\">Il soggiorno a Kyoto offre un punto di riferimento stabile, permettendo di attraversare i luoghi con continuit\u00e0 e senza frammentazione.<\/p>\n<\/div>\n\n\n\n<div class=\"gb-element-86b08624\">\n<img loading=\"lazy\" decoding=\"async\" width=\"1280\" height=\"960\" class=\"gb-media-debfe965\" src=\"https:\/\/myreikitour.com\/wp-content\/uploads\/2026\/04\/pratica-reiki.jpeg\" title=\"pratica reiki\" alt=\"\" srcset=\"https:\/\/myreikitour.com\/wp-content\/uploads\/2026\/04\/pratica-reiki.jpeg 1280w, https:\/\/myreikitour.com\/wp-content\/uploads\/2026\/04\/pratica-reiki-300x225.jpeg 300w, https:\/\/myreikitour.com\/wp-content\/uploads\/2026\/04\/pratica-reiki-1024x768.jpeg 1024w, https:\/\/myreikitour.com\/wp-content\/uploads\/2026\/04\/pratica-reiki-768x576.jpeg 768w, https:\/\/myreikitour.com\/wp-content\/uploads\/2026\/04\/pratica-reiki-16x12.jpeg 16w\" sizes=\"auto, (max-width: 1280px) 100vw, 1280px\" \/>\n\n\n\n<div class=\"gb-text-1221b29c\"><span class=\"gb-shape\"><svg xmlns=\"http:\/\/www.w3.org\/2000\/svg\" viewBox=\"0 0 512 512\" width=\"1em\" height=\"1em\" aria-hidden=\"true\"><path d=\"M504 256c0 136.967-111.033 248-248 248S8 392.967 8 256 119.033 8 256 8s248 111.033 248 248zM227.314 387.314l184-184c6.248-6.248 6.248-16.379 0-22.627l-22.627-22.627c-6.248-6.249-16.379-6.249-22.628 0L216 308.118l-70.059-70.059c-6.248-6.248-16.379-6.248-22.628 0l-22.627 22.627c-6.248 6.248-6.248 16.379 0 22.627l104 104c6.249 6.249 16.379 6.249 22.628.001z\" fill=\"currentColor\"><\/path><\/svg><\/span><\/div>\n\n\n\n<h4 class=\"gb-text gb-text-de62c244\"><strong>Luoghi della pratica<\/strong><\/h4>\n\n\n\n<p class=\"gb-text gb-text-90233c4e\">Il percorso si sviluppa in contesti legati alla storia del Reiki, tra cui il Monte Kurama e l\u2019Okunoin, dove la pratica assume una particolare intensit\u00e0.<\/p>\n<\/div>\n\n\n\n<div class=\"gb-element-4660ac12\">\n<img loading=\"lazy\" decoding=\"async\" width=\"1280\" height=\"960\" class=\"gb-media-b346c0db\" src=\"https:\/\/myreikitour.com\/wp-content\/uploads\/2026\/04\/pranzo-takao.jpeg\" title=\"pranzo takao\" alt=\"\" srcset=\"https:\/\/myreikitour.com\/wp-content\/uploads\/2026\/04\/pranzo-takao.jpeg 1280w, https:\/\/myreikitour.com\/wp-content\/uploads\/2026\/04\/pranzo-takao-300x225.jpeg 300w, https:\/\/myreikitour.com\/wp-content\/uploads\/2026\/04\/pranzo-takao-1024x768.jpeg 1024w, https:\/\/myreikitour.com\/wp-content\/uploads\/2026\/04\/pranzo-takao-768x576.jpeg 768w, https:\/\/myreikitour.com\/wp-content\/uploads\/2026\/04\/pranzo-takao-16x12.jpeg 16w\" sizes=\"auto, (max-width: 1280px) 100vw, 1280px\" \/>\n\n\n\n<div class=\"gb-text-364b39ff\"><span class=\"gb-shape\"><svg xmlns=\"http:\/\/www.w3.org\/2000\/svg\" viewBox=\"0 0 512 512\" width=\"1em\" height=\"1em\" aria-hidden=\"true\"><path d=\"M504 256c0 136.967-111.033 248-248 248S8 392.967 8 256 119.033 8 256 8s248 111.033 248 248zM227.314 387.314l184-184c6.248-6.248 6.248-16.379 0-22.627l-22.627-22.627c-6.248-6.249-16.379-6.249-22.628 0L216 308.118l-70.059-70.059c-6.248-6.248-16.379-6.248-22.628 0l-22.627 22.627c-6.248 6.248-6.248 16.379 0 22.627l104 104c6.249 6.249 16.379 6.249 22.628.001z\" fill=\"currentColor\"><\/path><\/svg><\/span><\/div>\n\n\n\n<h4 class=\"gb-text gb-text-0178ebbe\"><strong>Un\u2019esperienza guidata nella pratica<\/strong><\/h4>\n\n\n\n<p class=\"gb-text gb-text-98d7e422\">Il tour \u00e8 accompagnato da chi pratica e insegna Reiki da anni, integrando esperienza diretta e riflessione sul rapporto tra corpo, attenzione e contesto.<\/p>\n<\/div>\n<\/div>\n\n\n\n<div>\n<a class=\"gb-text gb-text-96cb20ac\" href=\"https:\/\/myreikitour.com\/reiki-tour\/\">approfondisci l&#8217;esperienza<\/a>\n<\/div>\n<\/section>\n<\/div>\n\n\n\n<section class=\"gb-element-2ab7768e\">\n<div class=\"gb-element-8b53eb50\">\n<div>\n<p class=\"gb-text gb-text-bd9a6ad0\">Un luogo attraversato, non semplicemente visitato<\/p>\n\n\n\n<h2 class=\"gb-text gb-text-2c4aacc2\">Il Monte Kurama e la pratica Reiki in Giappone<\/h2>\n\n\n\n<p class=\"gb-text gb-text-c7cf3b40\">Il Monte Kurama non \u00e8 una tappa del percorso, ma un luogo che orienta l\u2019intera esperienza.<br>La salita attraversa il bosco, segue un ritmo che si costruisce passo dopo passo, e introduce progressivamente a una diversa qualit\u00e0 dell\u2019attenzione.<br>\u00c8 in questo contesto che la pratica Reiki si inserisce, non come tecnica isolata, ma come modalit\u00e0 di relazione con il corpo, con gli altri e con il paesaggio.<br>L\u2019Okunoin, legato all\u2019esperienza di Usui, rappresenta uno dei momenti centrali del percorso.<\/p>\n<\/div>\n\n\n\n<div>\n<img loading=\"lazy\" decoding=\"async\" width=\"1280\" height=\"960\" class=\"gb-media-4151d11f\" src=\"https:\/\/myreikitour.com\/wp-content\/uploads\/2026\/04\/kurama-radici.jpeg\" title=\"kurama radici\" alt=\"\" srcset=\"https:\/\/myreikitour.com\/wp-content\/uploads\/2026\/04\/kurama-radici.jpeg 1280w, https:\/\/myreikitour.com\/wp-content\/uploads\/2026\/04\/kurama-radici-300x225.jpeg 300w, https:\/\/myreikitour.com\/wp-content\/uploads\/2026\/04\/kurama-radici-1024x768.jpeg 1024w, https:\/\/myreikitour.com\/wp-content\/uploads\/2026\/04\/kurama-radici-768x576.jpeg 768w, https:\/\/myreikitour.com\/wp-content\/uploads\/2026\/04\/kurama-radici-16x12.jpeg 16w\" sizes=\"auto, (max-width: 1280px) 100vw, 1280px\" \/>\n<\/div>\n<\/div>\n<\/section>\n\n\n\n<div class=\"gbp-section\">\n<div class=\"gbp-section__inner gb-element-1660d309\">\n<div class=\"gb-element-120c5930\">\n<p class=\"gb-text gbp-section__tagline\">Una pratica che si comprende nel suo ambiente storico e culturale<\/p>\n\n\n\n<h2 class=\"gb-text gbp-section__headline\">Reiki e contesto giapponese<\/h2>\n\n\n\n<p class=\"gb-text gbp-section__text\">Il Reiki nasce in Giappone all\u2019inizio del Novecento, all\u2019interno di un contesto culturale e religioso complesso, in cui pratiche di cura, discipline del corpo e percorsi spirituali si intrecciano.<br>Il viaggio non propone una ricostruzione astratta di queste origini, ma attraversa luoghi e situazioni in cui questo contesto pu\u00f2 essere percepito in modo diretto.<br>In questo senso, la pratica non viene separata dal paesaggio, dalla storia e dalle forme culturali che l\u2019hanno resa possibile.<\/p>\n<\/div>\n\n\n\n<img loading=\"lazy\" decoding=\"async\" width=\"960\" height=\"1280\" class=\"gb-media-c1c62551\" src=\"https:\/\/myreikitour.com\/wp-content\/uploads\/2026\/04\/zen-kyoto-cono.jpeg\" title=\"zen kyoto cono\" alt=\"\" srcset=\"https:\/\/myreikitour.com\/wp-content\/uploads\/2026\/04\/zen-kyoto-cono.jpeg 960w, https:\/\/myreikitour.com\/wp-content\/uploads\/2026\/04\/zen-kyoto-cono-225x300.jpeg 225w, https:\/\/myreikitour.com\/wp-content\/uploads\/2026\/04\/zen-kyoto-cono-768x1024.jpeg 768w, https:\/\/myreikitour.com\/wp-content\/uploads\/2026\/04\/zen-kyoto-cono-9x12.jpeg 9w\" sizes=\"auto, (max-width: 960px) 100vw, 960px\" \/>\n<\/div>\n<\/div>\n\n\n\n<section class=\"gb-element-c72a5b6e\">\n<div class=\"gb-element-da1b672c\">\n<h2 class=\"gb-text gb-text-bfb791d6\"><em>REIKI TOUR IN GIAPPONE<\/em><\/h2>\n\n\n\n<h2 class=\"gb-text gb-text-9451f0b9\">Un\u2019esperienza che prende forma attraversandola<\/h2>\n\n\n\n<p class=\"gb-text gb-text-6f43ef04\">Tra Kyoto e il Monte Kurama, un\u2019esperienza che si costruisce nel rapporto tra corpo, contesto e pratica.<\/p>\n\n\n\n<a class=\"gb-text gb-text-7317fe70\" href=\"https:\/\/myreikitour.com\/date-reiki-tour\/#datepartenze\">Scopri le prossime date<\/a>\n<\/div>\n<\/section>\n\n\n\n<section class=\"gb-element-c0baacbf\">\n<div class=\"gb-element-795a5748\">\n<div>\n<img loading=\"lazy\" decoding=\"async\" width=\"1920\" height=\"1080\" class=\"gb-media-c96eab84\" src=\"https:\/\/myreikitour.com\/wp-content\/uploads\/2026\/04\/group-meditation-kurama.jpg\" title=\"group meditation kurama\" alt=\"\" srcset=\"https:\/\/myreikitour.com\/wp-content\/uploads\/2026\/04\/group-meditation-kurama.jpg 1920w, https:\/\/myreikitour.com\/wp-content\/uploads\/2026\/04\/group-meditation-kurama-300x169.jpg 300w, https:\/\/myreikitour.com\/wp-content\/uploads\/2026\/04\/group-meditation-kurama-1024x576.jpg 1024w, https:\/\/myreikitour.com\/wp-content\/uploads\/2026\/04\/group-meditation-kurama-768x432.jpg 768w, https:\/\/myreikitour.com\/wp-content\/uploads\/2026\/04\/group-meditation-kurama-1536x864.jpg 1536w, https:\/\/myreikitour.com\/wp-content\/uploads\/2026\/04\/group-meditation-kurama-18x10.jpg 18w\" sizes=\"auto, (max-width: 1920px) 100vw, 1920px\" \/>\n\n\n\n<p class=\"gb-text gb-text-8e545b24\"><strong>Una pratica che prende forma nel contesto<\/strong><\/p>\n\n\n\n<h2 class=\"gb-text gb-text-51683b64\">Pratica Reiki<\/h2>\n\n\n\n<p class=\"gb-text gb-text-deda8210\">La pratica si sviluppa in momenti dedicati, ma anche all\u2019interno del cammino e della condivisione. Non \u00e8 separata dall\u2019esperienza, ma ne segue il ritmo.<\/p>\n<\/div>\n\n\n\n<div>\n<img loading=\"lazy\" decoding=\"async\" width=\"1920\" height=\"1080\" class=\"gb-media-9bc389ec\" src=\"https:\/\/myreikitour.com\/wp-content\/uploads\/2026\/04\/self-treatment-kurama.jpg\" title=\"self treatment kurama\" alt=\"\" srcset=\"https:\/\/myreikitour.com\/wp-content\/uploads\/2026\/04\/self-treatment-kurama.jpg 1920w, https:\/\/myreikitour.com\/wp-content\/uploads\/2026\/04\/self-treatment-kurama-300x169.jpg 300w, https:\/\/myreikitour.com\/wp-content\/uploads\/2026\/04\/self-treatment-kurama-1024x576.jpg 1024w, https:\/\/myreikitour.com\/wp-content\/uploads\/2026\/04\/self-treatment-kurama-768x432.jpg 768w, https:\/\/myreikitour.com\/wp-content\/uploads\/2026\/04\/self-treatment-kurama-1536x864.jpg 1536w, https:\/\/myreikitour.com\/wp-content\/uploads\/2026\/04\/self-treatment-kurama-18x10.jpg 18w\" sizes=\"auto, (max-width: 1920px) 100vw, 1920px\" \/>\n\n\n\n<p class=\"gb-text gb-text-3ffa0cdf\"><strong>Il corpo come punto di accesso all\u2019esperienza<\/strong><\/p>\n\n\n\n<h2 class=\"gb-text gb-text-8d0b7420\">Corpo e percezione<\/h2>\n\n\n\n<p class=\"gb-text gb-text-1bf8d0cc\">L\u2019attenzione si orienta progressivamente verso il corpo, modificando il modo di percepire il contesto e le relazioni. L\u2019esperienza prende forma a partire da qui.<\/p>\n<\/div>\n\n\n\n<div>\n<img loading=\"lazy\" decoding=\"async\" width=\"1920\" height=\"1080\" class=\"gb-media-1d20752c\" src=\"https:\/\/myreikitour.com\/wp-content\/uploads\/2026\/04\/group-kurama.jpg\" title=\"group kurama\" alt=\"\" srcset=\"https:\/\/myreikitour.com\/wp-content\/uploads\/2026\/04\/group-kurama.jpg 1920w, https:\/\/myreikitour.com\/wp-content\/uploads\/2026\/04\/group-kurama-300x169.jpg 300w, https:\/\/myreikitour.com\/wp-content\/uploads\/2026\/04\/group-kurama-1024x576.jpg 1024w, https:\/\/myreikitour.com\/wp-content\/uploads\/2026\/04\/group-kurama-768x432.jpg 768w, https:\/\/myreikitour.com\/wp-content\/uploads\/2026\/04\/group-kurama-1536x864.jpg 1536w, https:\/\/myreikitour.com\/wp-content\/uploads\/2026\/04\/group-kurama-18x10.jpg 18w\" sizes=\"auto, (max-width: 1920px) 100vw, 1920px\" \/>\n\n\n\n<p class=\"gb-text gb-text-44653169\"><strong>Il gruppo come parte attiva dell\u2019esperienza<\/strong><\/p>\n\n\n\n<h2 class=\"gb-text gb-text-a3349c6a\">Il gruppo<\/h2>\n\n\n\n<p class=\"gb-text gb-text-b1046506\">Il gruppo non \u00e8 solo una presenza, ma parte attiva dell\u2019esperienza. Le relazioni contribuiscono a costruire il modo in cui ci\u00f2 che accade viene vissuto e interpretato.<\/p>\n<\/div>\n<\/div>\n<\/section>\n\n\n\n<section class=\"gb-element-5d761916\">\n<div class=\"gb-element-8a5b5e35\">\n<div>\n<p class=\"gb-text gb-text-9faf398a\">Un\u2019esperienza da abitare<\/p>\n\n\n\n<h2 class=\"gb-text gb-text-138d572d\">PER CHI \u00c8<\/h2>\n\n\n\n<p class=\"gb-text gb-text-9d96fb66\">Il Reiki Tour si rivolge a chi sente l\u2019esigenza di attraversare la pratica in modo situato, dedicando tempo e attenzione all\u2019esperienza.<br>\u00c8 adatto a praticanti Reiki che desiderano approfondire il proprio percorso, ma anche a chi, pur non avendo esperienza, \u00e8 disposto a mettersi in gioco in modo aperto e non superficiale.<br>Richiede disponibilit\u00e0 a rallentare, a stare nel processo e a lasciar emergere il significato a partire dall\u2019esperienza.<\/p>\n<\/div>\n\n\n\n<div>\n<p class=\"gb-text gb-text-9053cb02\">Non \u00e8 un\u2019esperienza da consumare<\/p>\n\n\n\n<h2 class=\"gb-text gb-text-82511d3f\">PER CHI NON \u00c8<\/h2>\n\n\n\n<p class=\"gb-text gb-text-2263f3a0\">Non \u00e8 un viaggio organizzato in senso turistico, n\u00e9 un percorso orientato alla ricerca di risultati immediati o effetti straordinari.<br>Non \u00e8 pensato per chi cerca un\u2019esperienza guidata in modo passivo, o per chi si aspetta risposte gi\u00e0 definite.<br>Il tour richiede partecipazione attiva e una certa disponibilit\u00e0 a mettere in discussione le proprie aspettative.<\/p>\n<\/div>\n<\/div>\n\n\n\n<div class=\"gb-element-0a2bc90f\">\n<a class=\"gb-text gb-text-2f43ab29 smoothscroll\" href=\"#informazionitour\">Scopri le date e come partecipare<\/a>\n<\/div>\n<\/section>\n\n\n\n<section class=\"gb-element-612c7d7f\">\n<div class=\"gb-element-768af6c0\">\n<h2 class=\"gb-text gb-text-a05af31f\">Racconti dal Reiki Tour<\/h2>\n\n\n\n<h3 class=\"gb-text gb-text-d1af1b21\"><em>Frammenti di esperienza vissuta<\/em><\/h3>\n\n\n\n<div class=\"gb-element-94d523aa\">\n<div class=\"gb-element-0c1d89e8\">\n<img loading=\"lazy\" decoding=\"async\" width=\"200\" height=\"200\" class=\"gb-media-1a604662 is-style-rounded\" src=\"https:\/\/myreikitour.com\/wp-content\/uploads\/2026\/04\/nicoletta.png\" alt=\"\" title=\"nicoletta\" srcset=\"https:\/\/myreikitour.com\/wp-content\/uploads\/2026\/04\/nicoletta.png 200w, https:\/\/myreikitour.com\/wp-content\/uploads\/2026\/04\/nicoletta-150x150.png 150w, https:\/\/myreikitour.com\/wp-content\/uploads\/2026\/04\/nicoletta-12x12.png 12w\" sizes=\"auto, (max-width: 200px) 100vw, 200px\" \/>\n\n\n\n<p class=\"gb-text-a54836c6\"><span class=\"gb-shape\"><svg viewBox=\"0 0 24 24\" xmlns=\"http:\/\/www.w3.org\/2000\/svg\"><path d=\"m21.95 8.721-.025-.168-.026.006A4.5 4.5 0 1 0 17.5 14c.223 0 .437-.034.65-.065-.069.232-.14.468-.254.68-.114.308-.292.575-.469.844-.148.291-.409.488-.601.737-.201.242-.475.403-.692.604-.213.21-.492.315-.714.463-.232.133-.434.28-.65.35l-.539.222-.474.197.484 1.939.597-.144c.191-.048.424-.104.689-.171.271-.05.56-.187.882-.312.317-.143.686-.238 1.028-.467.344-.218.741-.4 1.091-.692.339-.301.748-.562 1.05-.944.33-.358.656-.734.909-1.162.293-.408.492-.856.702-1.299.19-.443.343-.896.468-1.336.237-.882.343-1.72.384-2.437.034-.718.014-1.315-.028-1.747a7.028 7.028 0 0 0-.063-.539zm-11 0-.025-.168-.026.006A4.5 4.5 0 1 0 6.5 14c.223 0 .437-.034.65-.065-.069.232-.14.468-.254.68-.114.308-.292.575-.469.844-.148.291-.409.488-.601.737-.201.242-.475.403-.692.604-.213.21-.492.315-.714.463-.232.133-.434.28-.65.35l-.539.222c-.301.123-.473.195-.473.195l.484 1.939.597-.144c.191-.048.424-.104.689-.171.271-.05.56-.187.882-.312.317-.143.686-.238 1.028-.467.344-.218.741-.4 1.091-.692.339-.301.748-.562 1.05-.944.33-.358.656-.734.909-1.162.293-.408.492-.856.702-1.299.19-.443.343-.896.468-1.336.237-.882.343-1.72.384-2.437.034-.718.014-1.315-.028-1.747a7.571 7.571 0 0 0-.064-.537z\"><\/path><\/svg><\/span><span class=\"gb-text\">Il tempo si ferma quando metti piedi a Kyoto: l\u2019aria \u00e8 pi\u00f9 leggera si respira pace ed armonia. Radici millenarie che squarciano il terreno momenti di meditazione e di pratica insieme\u2026 le vibrazioni si alzano e l\u2019energia \u00e8 palpabile\u2026 il silenzio \u00e8 il suono pi\u00f9 bello\u2665\ufe0f<\/span><\/p>\n\n\n\n<h4 class=\"gb-text gb-text-f0916321\">Nicoletta G.<\/h4>\n<\/div>\n\n\n\n<div class=\"gb-element-72c4d3e2\">\n<img loading=\"lazy\" decoding=\"async\" width=\"200\" height=\"200\" class=\"gb-media-c54ca350 is-style-rounded\" src=\"https:\/\/myreikitour.com\/wp-content\/uploads\/2026\/04\/aldo.png\" alt=\"\" title=\"aldo\" srcset=\"https:\/\/myreikitour.com\/wp-content\/uploads\/2026\/04\/aldo.png 200w, https:\/\/myreikitour.com\/wp-content\/uploads\/2026\/04\/aldo-150x150.png 150w, https:\/\/myreikitour.com\/wp-content\/uploads\/2026\/04\/aldo-12x12.png 12w\" sizes=\"auto, (max-width: 200px) 100vw, 200px\" \/>\n\n\n\n<p class=\"gb-text-71296933\"><span class=\"gb-shape\"><svg viewBox=\"0 0 24 24\" xmlns=\"http:\/\/www.w3.org\/2000\/svg\"><path d=\"m21.95 8.721-.025-.168-.026.006A4.5 4.5 0 1 0 17.5 14c.223 0 .437-.034.65-.065-.069.232-.14.468-.254.68-.114.308-.292.575-.469.844-.148.291-.409.488-.601.737-.201.242-.475.403-.692.604-.213.21-.492.315-.714.463-.232.133-.434.28-.65.35l-.539.222-.474.197.484 1.939.597-.144c.191-.048.424-.104.689-.171.271-.05.56-.187.882-.312.317-.143.686-.238 1.028-.467.344-.218.741-.4 1.091-.692.339-.301.748-.562 1.05-.944.33-.358.656-.734.909-1.162.293-.408.492-.856.702-1.299.19-.443.343-.896.468-1.336.237-.882.343-1.72.384-2.437.034-.718.014-1.315-.028-1.747a7.028 7.028 0 0 0-.063-.539zm-11 0-.025-.168-.026.006A4.5 4.5 0 1 0 6.5 14c.223 0 .437-.034.65-.065-.069.232-.14.468-.254.68-.114.308-.292.575-.469.844-.148.291-.409.488-.601.737-.201.242-.475.403-.692.604-.213.21-.492.315-.714.463-.232.133-.434.28-.65.35l-.539.222c-.301.123-.473.195-.473.195l.484 1.939.597-.144c.191-.048.424-.104.689-.171.271-.05.56-.187.882-.312.317-.143.686-.238 1.028-.467.344-.218.741-.4 1.091-.692.339-.301.748-.562 1.05-.944.33-.358.656-.734.909-1.162.293-.408.492-.856.702-1.299.19-.443.343-.896.468-1.336.237-.882.343-1.72.384-2.437.034-.718.014-1.315-.028-1.747a7.571 7.571 0 0 0-.064-.537z\"><\/path><\/svg><\/span><span class=\"gb-text\">Il viaggio in Giappone per me \u00e8 stato una scoperta, una tappa di un cammino che da qualche anno sto percorrendo, anche attraverso l\u2019incontro con la pratica del Reiki, cos\u00ec come Federico e Daniela sanno custodire e accoglierti.<br>Lo scopri nel silenzio, nei gesti piccoli e attenti, nella gentilezza e nel rispetto delle persone, nelle strade nascoste e nella natura, dove ogni cosa sembra parlare sottovoce. Poi il Giappone \u00e8 tanto altro: alta tecnologia, folla,traffico e rumore, ma sempre (visto con i mei occhi da turista \u201cinnamorato\u201d) con un grande ordine. \ud83d\ude42<\/span><\/p>\n\n\n\n<h4 class=\"gb-text gb-text-81d400f2\">Aldo Z.<\/h4>\n<\/div>\n\n\n\n<div class=\"gb-element-bec85889\">\n<img loading=\"lazy\" decoding=\"async\" width=\"200\" height=\"200\" class=\"gb-media-bcdc8da3 is-style-rounded\" src=\"https:\/\/myreikitour.com\/wp-content\/uploads\/2026\/04\/massimo.png\" alt=\"\" title=\"massimo\" srcset=\"https:\/\/myreikitour.com\/wp-content\/uploads\/2026\/04\/massimo.png 200w, https:\/\/myreikitour.com\/wp-content\/uploads\/2026\/04\/massimo-150x150.png 150w, https:\/\/myreikitour.com\/wp-content\/uploads\/2026\/04\/massimo-12x12.png 12w\" sizes=\"auto, (max-width: 200px) 100vw, 200px\" \/>\n\n\n\n<p class=\"gb-text-44e4e9b2\"><span class=\"gb-shape\"><svg viewBox=\"0 0 24 24\" xmlns=\"http:\/\/www.w3.org\/2000\/svg\"><path d=\"m21.95 8.721-.025-.168-.026.006A4.5 4.5 0 1 0 17.5 14c.223 0 .437-.034.65-.065-.069.232-.14.468-.254.68-.114.308-.292.575-.469.844-.148.291-.409.488-.601.737-.201.242-.475.403-.692.604-.213.21-.492.315-.714.463-.232.133-.434.28-.65.35l-.539.222-.474.197.484 1.939.597-.144c.191-.048.424-.104.689-.171.271-.05.56-.187.882-.312.317-.143.686-.238 1.028-.467.344-.218.741-.4 1.091-.692.339-.301.748-.562 1.05-.944.33-.358.656-.734.909-1.162.293-.408.492-.856.702-1.299.19-.443.343-.896.468-1.336.237-.882.343-1.72.384-2.437.034-.718.014-1.315-.028-1.747a7.028 7.028 0 0 0-.063-.539zm-11 0-.025-.168-.026.006A4.5 4.5 0 1 0 6.5 14c.223 0 .437-.034.65-.065-.069.232-.14.468-.254.68-.114.308-.292.575-.469.844-.148.291-.409.488-.601.737-.201.242-.475.403-.692.604-.213.21-.492.315-.714.463-.232.133-.434.28-.65.35l-.539.222c-.301.123-.473.195-.473.195l.484 1.939.597-.144c.191-.048.424-.104.689-.171.271-.05.56-.187.882-.312.317-.143.686-.238 1.028-.467.344-.218.741-.4 1.091-.692.339-.301.748-.562 1.05-.944.33-.358.656-.734.909-1.162.293-.408.492-.856.702-1.299.19-.443.343-.896.468-1.336.237-.882.343-1.72.384-2.437.034-.718.014-1.315-.028-1.747a7.571 7.571 0 0 0-.064-.537z\"><\/path><\/svg><\/span><span class=\"gb-text\">Iniziare a conoscere il Reiki tradizionale dai luoghi dalla cultura e dalle tradizioni \u00e8 stata una sorpresa e un emozione profonda che mi ha spinto ad affrontare il cammino per impararlo. Ho visto e toccato con mano cosa significa Reiki tradizionale rispetto al Reiki occidentale. Trovarmi sul monte Kurama fare il cerchio di luce sentirmi avvolto dall&#8217;energia Reiki \u00e8 stata un emozione molto forte chi mi ha commosso e mi commuove ogni volta che ci ripenso.<\/span><\/p>\n\n\n\n<h4 class=\"gb-text gb-text-5b7ea345\">Massimo B.<\/h4>\n<\/div>\n<\/div>\n<\/div>\n<\/section>\n\n\n\n<section class=\"gb-element-94724df6\">\n<h2 class=\"gb-text gb-text-d0b7e6d0\">Chi accompagna il Reiki Tour<\/h2>\n\n\n\n<h3 class=\"gb-text gb-text-cc6762fb\"><em>accompagnamento<\/em><\/h3>\n\n\n\n<div class=\"gb-element-bd720582\">\n<div class=\"gb-element-f66da7a8\">\n<img loading=\"lazy\" decoding=\"async\" width=\"2048\" height=\"2048\" class=\"gb-media-bd457265 is-style-rounded\" src=\"https:\/\/myreikitour.com\/wp-content\/uploads\/2026\/04\/federico-scotti-my-reiki.png\" alt=\"\" title=\"federico scotti my reiki\" srcset=\"https:\/\/myreikitour.com\/wp-content\/uploads\/2026\/04\/federico-scotti-my-reiki.png 2048w, https:\/\/myreikitour.com\/wp-content\/uploads\/2026\/04\/federico-scotti-my-reiki-300x300.png 300w, https:\/\/myreikitour.com\/wp-content\/uploads\/2026\/04\/federico-scotti-my-reiki-1024x1024.png 1024w, https:\/\/myreikitour.com\/wp-content\/uploads\/2026\/04\/federico-scotti-my-reiki-150x150.png 150w, https:\/\/myreikitour.com\/wp-content\/uploads\/2026\/04\/federico-scotti-my-reiki-768x768.png 768w, https:\/\/myreikitour.com\/wp-content\/uploads\/2026\/04\/federico-scotti-my-reiki-1536x1536.png 1536w, https:\/\/myreikitour.com\/wp-content\/uploads\/2026\/04\/federico-scotti-my-reiki-12x12.png 12w\" sizes=\"auto, (max-width: 2048px) 100vw, 2048px\" \/>\n\n\n\n<h4 class=\"gb-text gb-text-c4d26064\">Federico Scotti<\/h4>\n\n\n\n<p class=\"gb-text gb-text-37284180\">Fondatore di My Reiki<\/p>\n\n\n\n<p class=\"gb-text\">Insegna Reiki dal 2013 e sviluppa una ricerca in antropologia della salute. Il suo lavoro si concentra sul rapporto tra corpo, esperienza e pratiche di benessere.<\/p>\n<\/div>\n\n\n\n<div class=\"gb-element-92af03e2\">\n<img loading=\"lazy\" decoding=\"async\" width=\"2048\" height=\"2048\" class=\"gb-media-c475e43d is-style-rounded\" src=\"https:\/\/myreikitour.com\/wp-content\/uploads\/2026\/04\/daniela-cannillo.png\" alt=\"\" title=\"daniela cannillo\" srcset=\"https:\/\/myreikitour.com\/wp-content\/uploads\/2026\/04\/daniela-cannillo.png 2048w, https:\/\/myreikitour.com\/wp-content\/uploads\/2026\/04\/daniela-cannillo-300x300.png 300w, https:\/\/myreikitour.com\/wp-content\/uploads\/2026\/04\/daniela-cannillo-1024x1024.png 1024w, https:\/\/myreikitour.com\/wp-content\/uploads\/2026\/04\/daniela-cannillo-150x150.png 150w, https:\/\/myreikitour.com\/wp-content\/uploads\/2026\/04\/daniela-cannillo-768x768.png 768w, https:\/\/myreikitour.com\/wp-content\/uploads\/2026\/04\/daniela-cannillo-1536x1536.png 1536w, https:\/\/myreikitour.com\/wp-content\/uploads\/2026\/04\/daniela-cannillo-12x12.png 12w\" sizes=\"auto, (max-width: 2048px) 100vw, 2048px\" \/>\n\n\n\n<h4 class=\"gb-text gb-text-ccd9f3be\">Daniela Cannillo<\/h4>\n\n\n\n<p class=\"gb-text gb-text-16b83956\">Insegnante e terapeuta Reiki<\/p>\n\n\n\n<p class=\"gb-text gb-text-e58c5565\">Insegna Reiki e accompagna i percorsi formativi all\u2019interno di My Reiki. Nel tour segue da vicino la dimensione della pratica e del gruppo.<\/p>\n\n\n\n<p><\/p>\n<\/div>\n\n\n\n<div class=\"gb-element-841b0ab2\">\n<img loading=\"lazy\" decoding=\"async\" width=\"2048\" height=\"2048\" class=\"gb-media-5c51e9fa is-style-rounded\" src=\"https:\/\/myreikitour.com\/wp-content\/uploads\/2026\/04\/cristian-longoni-my-reiki.png\" alt=\"\" title=\"cristian longoni my reiki\" srcset=\"https:\/\/myreikitour.com\/wp-content\/uploads\/2026\/04\/cristian-longoni-my-reiki.png 2048w, https:\/\/myreikitour.com\/wp-content\/uploads\/2026\/04\/cristian-longoni-my-reiki-300x300.png 300w, https:\/\/myreikitour.com\/wp-content\/uploads\/2026\/04\/cristian-longoni-my-reiki-1024x1024.png 1024w, https:\/\/myreikitour.com\/wp-content\/uploads\/2026\/04\/cristian-longoni-my-reiki-150x150.png 150w, https:\/\/myreikitour.com\/wp-content\/uploads\/2026\/04\/cristian-longoni-my-reiki-768x768.png 768w, https:\/\/myreikitour.com\/wp-content\/uploads\/2026\/04\/cristian-longoni-my-reiki-1536x1536.png 1536w, https:\/\/myreikitour.com\/wp-content\/uploads\/2026\/04\/cristian-longoni-my-reiki-12x12.png 12w\" sizes=\"auto, (max-width: 2048px) 100vw, 2048px\" \/>\n\n\n\n<h4 class=\"gb-text gb-text-fc4e90af\">Cristian Longoni<\/h4>\n\n\n\n<p class=\"gb-text gb-text-fae7b139\">Insegnante e terapeuta Reiki<\/p>\n\n\n\n<p class=\"gb-text gb-text-92152861\">Insegna Reiki e partecipa alla conduzione del tour, contribuendo alla costruzione dell\u2019esperienza attraverso la pratica e il lavoro sul campo.<\/p>\n\n\n\n<p><\/p>\n<\/div>\n<\/div>\n<\/section>\n\n\n\n<section class=\"gb-element-d1cd525b\">\n<div class=\"gb-element-e50bca95\">\n<h2 class=\"gb-text gb-text-099bd7df\"><em>REIKI TOUR IN GIAPPONE<\/em><\/h2>\n\n\n\n<h2 class=\"gb-text gb-text-cc998211\">Da qui puoi entrare nel percorso<\/h2>\n\n\n\n<a class=\"gb-text gb-text-50b16972 smoothscroll\" href=\"#informazionitour\">Richiedi informazioni<\/a>\n<\/div>\n<\/section>\n\n\n\n<section class=\"gb-element-f834cd5a\">\n<div class=\"gb-element-c9bffeca\">\n<h2 class=\"gb-text gb-text-6dbdc2ed\"><strong>Reiki e viaggio in Giappone<\/strong><\/h2>\n\n\n\n<h3 class=\"gb-text gb-text-0aa8b2a3\"><em>Blog<\/em><\/h3>\n\n\n\n<div><div class=\"gb-looper-7be8f9d2\">\n<article class=\"gb-loop-item gb-loop-item-761bf48a post-980 post type-post status-publish format-standard has-post-thumbnail hentry category-blog\">\n<a href=\"https:\/\/myreikitour.com\/it\/reiki-tour-cosa\/\"><img loading=\"lazy\" decoding=\"async\" width=\"1024\" height=\"768\" alt=\"\" data-media-id=\"1105\" class=\"gb-media-ba68cd68\" src=\"https:\/\/myreikitour.com\/wp-content\/uploads\/2026\/04\/giardino-tempio-fiori-1024x768.jpeg\" srcset=\"https:\/\/myreikitour.com\/wp-content\/uploads\/2026\/04\/giardino-tempio-fiori-1024x768.jpeg 1024w, https:\/\/myreikitour.com\/wp-content\/uploads\/2026\/04\/giardino-tempio-fiori-300x225.jpeg 300w, https:\/\/myreikitour.com\/wp-content\/uploads\/2026\/04\/giardino-tempio-fiori-768x576.jpeg 768w, https:\/\/myreikitour.com\/wp-content\/uploads\/2026\/04\/giardino-tempio-fiori-16x12.jpeg 16w, https:\/\/myreikitour.com\/wp-content\/uploads\/2026\/04\/giardino-tempio-fiori.jpeg 1280w\" sizes=\"auto, (max-width: 1024px) 100vw, 1024px\" \/><\/a>\n\n\n\n<h4 class=\"gb-text gb-text-415d1d2d\"><a href=\"https:\/\/myreikitour.com\/it\/reiki-tour-cosa\/\">Reiki Tour: cos\u2019\u00e8 davvero e cosa aspettarsi da questa esperienza<\/a><\/h4>\n\n\n\n<div class=\"gb-text\">Il termine \u201cReiki Tour\u201d attiva spesso immagini di esperienze intense o trasformative, ma rischia anche di anticipare e limitare ci\u00f2 che pu\u00f2 realmente accadere. Questo articolo propone uno spostamento di prospettiva: non un viaggio da consumare o da misurare in termini di intensit\u00e0, ma un contesto in cui la pratica prende forma nel rapporto tra corpo, luoghi e relazioni. Il Reiki Tour si comprende cos\u00ec come una struttura di esperienza condivisa, in cui il significato non \u00e8 dato in anticipo, ma emerge progressivamente.<\/div>\n<\/article>\n\n<article class=\"gb-loop-item gb-loop-item-761bf48a post-908 post type-post status-publish format-standard has-post-thumbnail hentry category-blog\">\n<a href=\"https:\/\/myreikitour.com\/it\/reiki-in-giappone\/\"><img loading=\"lazy\" decoding=\"async\" width=\"768\" height=\"1024\" alt=\"\" data-media-id=\"853\" class=\"gb-media-ba68cd68\" src=\"https:\/\/myreikitour.com\/wp-content\/uploads\/2026\/03\/giappone-mestoli-fiore-768x1024.jpg\" srcset=\"https:\/\/myreikitour.com\/wp-content\/uploads\/2026\/03\/giappone-mestoli-fiore-768x1024.jpg 768w, https:\/\/myreikitour.com\/wp-content\/uploads\/2026\/03\/giappone-mestoli-fiore-225x300.jpg 225w, https:\/\/myreikitour.com\/wp-content\/uploads\/2026\/03\/giappone-mestoli-fiore-1152x1536.jpg 1152w, https:\/\/myreikitour.com\/wp-content\/uploads\/2026\/03\/giappone-mestoli-fiore-1536x2048.jpg 1536w, https:\/\/myreikitour.com\/wp-content\/uploads\/2026\/03\/giappone-mestoli-fiore-scaled.jpg 1920w\" sizes=\"auto, (max-width: 768px) 100vw, 768px\" \/><\/a>\n\n\n\n<h4 class=\"gb-text gb-text-415d1d2d\"><a href=\"https:\/\/myreikitour.com\/it\/reiki-in-giappone\/\">Reiki in Giappone: cosa significa davvero praticarlo nei luoghi di origine<\/a><\/h4>\n\n\n\n<div class=\"gb-text\">Quando si parla di \u201cReiki in Giappone\u201d, non si attiva soltanto un riferimento geografico, ma un immaginario fatto di origine, autenticit\u00e0 e intensit\u00e0 dell\u2019esperienza. Questo articolo mette in discussione tale associazione, mostrando come l\u2019idea di origine sia una costruzione culturale e come la pratica si trasformi non per una presunta \u201cpurezza\u201d del luogo, ma per la diversa configurazione di corpo, contesto e relazione. Il viaggio emerge cos\u00ec come uno spazio in cui il Reiki pu\u00f2 essere abitato in modo pi\u00f9 situato e riflessivo.<\/div>\n<\/article>\n<\/div><\/div>\n<\/div>\n<\/section>\n\n\n\n<section class=\"gbp-section gb-element-03583185\">\n<div class=\"gbp-section__inner gb-element-afaf6e11\">\n<div class=\"gb-element-1c228ee7\">\n<h2 class=\"gb-text gbp-section__headline\">Immagini dal Reiki Tour<\/h2>\n\n\n\n<p class=\"gb-text gbp-section__text\">Frammenti di esperienza<\/p>\n<\/div>\n\n\n\n<div class=\"gb-element-80ce12bd\">\n<img loading=\"lazy\" decoding=\"async\" width=\"960\" height=\"1280\" class=\"gb-media-363e8ca1\" src=\"https:\/\/myreikitour.com\/wp-content\/uploads\/2026\/04\/kyoto-tempio-antenna.jpeg\" title=\"kyoto tempio antenna\" alt=\"\" srcset=\"https:\/\/myreikitour.com\/wp-content\/uploads\/2026\/04\/kyoto-tempio-antenna.jpeg 960w, https:\/\/myreikitour.com\/wp-content\/uploads\/2026\/04\/kyoto-tempio-antenna-225x300.jpeg 225w, https:\/\/myreikitour.com\/wp-content\/uploads\/2026\/04\/kyoto-tempio-antenna-768x1024.jpeg 768w, https:\/\/myreikitour.com\/wp-content\/uploads\/2026\/04\/kyoto-tempio-antenna-9x12.jpeg 9w\" sizes=\"auto, (max-width: 960px) 100vw, 960px\" \/>\n\n\n\n<img loading=\"lazy\" decoding=\"async\" width=\"960\" height=\"1280\" class=\"gb-media-cff07c81\" src=\"https:\/\/myreikitour.com\/wp-content\/uploads\/2026\/04\/daniela-federico-cristian-kurama.jpeg\" title=\"daniela federico cristian kurama\" alt=\"\" srcset=\"https:\/\/myreikitour.com\/wp-content\/uploads\/2026\/04\/daniela-federico-cristian-kurama.jpeg 960w, https:\/\/myreikitour.com\/wp-content\/uploads\/2026\/04\/daniela-federico-cristian-kurama-225x300.jpeg 225w, https:\/\/myreikitour.com\/wp-content\/uploads\/2026\/04\/daniela-federico-cristian-kurama-768x1024.jpeg 768w, https:\/\/myreikitour.com\/wp-content\/uploads\/2026\/04\/daniela-federico-cristian-kurama-9x12.jpeg 9w\" sizes=\"auto, (max-width: 960px) 100vw, 960px\" \/>\n\n\n\n<img loading=\"lazy\" decoding=\"async\" width=\"960\" height=\"1280\" class=\"gb-media-ee36d659\" src=\"https:\/\/myreikitour.com\/wp-content\/uploads\/2026\/04\/fiori-kurama-1.jpeg\" title=\"fiori kurama\" alt=\"\" srcset=\"https:\/\/myreikitour.com\/wp-content\/uploads\/2026\/04\/fiori-kurama-1.jpeg 960w, https:\/\/myreikitour.com\/wp-content\/uploads\/2026\/04\/fiori-kurama-1-225x300.jpeg 225w, https:\/\/myreikitour.com\/wp-content\/uploads\/2026\/04\/fiori-kurama-1-768x1024.jpeg 768w, https:\/\/myreikitour.com\/wp-content\/uploads\/2026\/04\/fiori-kurama-1-9x12.jpeg 9w\" sizes=\"auto, (max-width: 960px) 100vw, 960px\" \/>\n\n\n\n<img loading=\"lazy\" decoding=\"async\" width=\"960\" height=\"1280\" class=\"gb-media-e6e9b0a1\" src=\"https:\/\/myreikitour.com\/wp-content\/uploads\/2026\/04\/sakura-primo-piano-1.jpeg\" title=\"sakura primo piano\" alt=\"\" srcset=\"https:\/\/myreikitour.com\/wp-content\/uploads\/2026\/04\/sakura-primo-piano-1.jpeg 960w, https:\/\/myreikitour.com\/wp-content\/uploads\/2026\/04\/sakura-primo-piano-1-225x300.jpeg 225w, https:\/\/myreikitour.com\/wp-content\/uploads\/2026\/04\/sakura-primo-piano-1-768x1024.jpeg 768w, https:\/\/myreikitour.com\/wp-content\/uploads\/2026\/04\/sakura-primo-piano-1-9x12.jpeg 9w\" sizes=\"auto, (max-width: 960px) 100vw, 960px\" \/>\n<\/div>\n\n\n\n<div class=\"gb-element-4ca040b3\">\n<img loading=\"lazy\" decoding=\"async\" width=\"960\" height=\"1280\" class=\"gb-media-4eead21d\" src=\"https:\/\/myreikitour.com\/wp-content\/uploads\/2026\/04\/daniela-nara.jpeg\" title=\"daniela nara\" alt=\"\" srcset=\"https:\/\/myreikitour.com\/wp-content\/uploads\/2026\/04\/daniela-nara.jpeg 960w, https:\/\/myreikitour.com\/wp-content\/uploads\/2026\/04\/daniela-nara-225x300.jpeg 225w, https:\/\/myreikitour.com\/wp-content\/uploads\/2026\/04\/daniela-nara-768x1024.jpeg 768w, https:\/\/myreikitour.com\/wp-content\/uploads\/2026\/04\/daniela-nara-9x12.jpeg 9w\" sizes=\"auto, (max-width: 960px) 100vw, 960px\" \/>\n\n\n\n<img loading=\"lazy\" decoding=\"async\" width=\"960\" height=\"1280\" class=\"gb-media-95b78d03\" src=\"https:\/\/myreikitour.com\/wp-content\/uploads\/2026\/04\/giardino-laghetto.jpeg\" title=\"giardino laghetto\" alt=\"\" srcset=\"https:\/\/myreikitour.com\/wp-content\/uploads\/2026\/04\/giardino-laghetto.jpeg 960w, https:\/\/myreikitour.com\/wp-content\/uploads\/2026\/04\/giardino-laghetto-225x300.jpeg 225w, https:\/\/myreikitour.com\/wp-content\/uploads\/2026\/04\/giardino-laghetto-768x1024.jpeg 768w, https:\/\/myreikitour.com\/wp-content\/uploads\/2026\/04\/giardino-laghetto-9x12.jpeg 9w\" sizes=\"auto, (max-width: 960px) 100vw, 960px\" \/>\n\n\n\n<img loading=\"lazy\" decoding=\"async\" width=\"960\" height=\"1280\" class=\"gb-media-39a73dae\" src=\"https:\/\/myreikitour.com\/wp-content\/uploads\/2026\/04\/kurama-scalinata-gruppo.jpeg\" title=\"kurama scalinata gruppo\" alt=\"\" srcset=\"https:\/\/myreikitour.com\/wp-content\/uploads\/2026\/04\/kurama-scalinata-gruppo.jpeg 960w, https:\/\/myreikitour.com\/wp-content\/uploads\/2026\/04\/kurama-scalinata-gruppo-225x300.jpeg 225w, https:\/\/myreikitour.com\/wp-content\/uploads\/2026\/04\/kurama-scalinata-gruppo-768x1024.jpeg 768w, https:\/\/myreikitour.com\/wp-content\/uploads\/2026\/04\/kurama-scalinata-gruppo-9x12.jpeg 9w\" sizes=\"auto, (max-width: 960px) 100vw, 960px\" \/>\n\n\n\n<img loading=\"lazy\" decoding=\"async\" width=\"960\" height=\"1280\" class=\"gb-media-48ead792\" src=\"https:\/\/myreikitour.com\/wp-content\/uploads\/2026\/04\/kibune-abiti-tradizionali.jpeg\" title=\"kibune abiti tradizionali\" alt=\"\" srcset=\"https:\/\/myreikitour.com\/wp-content\/uploads\/2026\/04\/kibune-abiti-tradizionali.jpeg 960w, https:\/\/myreikitour.com\/wp-content\/uploads\/2026\/04\/kibune-abiti-tradizionali-225x300.jpeg 225w, https:\/\/myreikitour.com\/wp-content\/uploads\/2026\/04\/kibune-abiti-tradizionali-768x1024.jpeg 768w, https:\/\/myreikitour.com\/wp-content\/uploads\/2026\/04\/kibune-abiti-tradizionali-9x12.jpeg 9w\" sizes=\"auto, (max-width: 960px) 100vw, 960px\" \/>\n<\/div>\n\n\n\n<div class=\"gb-element-42c436ec\">\n<img loading=\"lazy\" decoding=\"async\" width=\"960\" height=\"1280\" class=\"gb-media-43fd451f\" src=\"https:\/\/myreikitour.com\/wp-content\/uploads\/2026\/04\/salita-takao-1.jpeg\" title=\"salita takao\" alt=\"\" srcset=\"https:\/\/myreikitour.com\/wp-content\/uploads\/2026\/04\/salita-takao-1.jpeg 960w, https:\/\/myreikitour.com\/wp-content\/uploads\/2026\/04\/salita-takao-1-225x300.jpeg 225w, https:\/\/myreikitour.com\/wp-content\/uploads\/2026\/04\/salita-takao-1-768x1024.jpeg 768w, https:\/\/myreikitour.com\/wp-content\/uploads\/2026\/04\/salita-takao-1-9x12.jpeg 9w\" sizes=\"auto, (max-width: 960px) 100vw, 960px\" \/>\n\n\n\n<img loading=\"lazy\" decoding=\"async\" width=\"960\" height=\"1280\" class=\"gb-media-e7285856\" src=\"https:\/\/myreikitour.com\/wp-content\/uploads\/2026\/04\/hiei-tempio-daniela-federico.jpeg\" title=\"hiei tempio\" alt=\"\" srcset=\"https:\/\/myreikitour.com\/wp-content\/uploads\/2026\/04\/hiei-tempio-daniela-federico.jpeg 960w, https:\/\/myreikitour.com\/wp-content\/uploads\/2026\/04\/hiei-tempio-daniela-federico-225x300.jpeg 225w, https:\/\/myreikitour.com\/wp-content\/uploads\/2026\/04\/hiei-tempio-daniela-federico-768x1024.jpeg 768w, https:\/\/myreikitour.com\/wp-content\/uploads\/2026\/04\/hiei-tempio-daniela-federico-9x12.jpeg 9w\" sizes=\"auto, (max-width: 960px) 100vw, 960px\" \/>\n\n\n\n<img loading=\"lazy\" decoding=\"async\" width=\"960\" height=\"1280\" class=\"gb-media-e6cb9cbd\" src=\"https:\/\/myreikitour.com\/wp-content\/uploads\/2026\/04\/kyoto-daniela-justin.jpeg\" title=\"kyoto daniela justin\" alt=\"\" srcset=\"https:\/\/myreikitour.com\/wp-content\/uploads\/2026\/04\/kyoto-daniela-justin.jpeg 960w, https:\/\/myreikitour.com\/wp-content\/uploads\/2026\/04\/kyoto-daniela-justin-225x300.jpeg 225w, https:\/\/myreikitour.com\/wp-content\/uploads\/2026\/04\/kyoto-daniela-justin-768x1024.jpeg 768w, https:\/\/myreikitour.com\/wp-content\/uploads\/2026\/04\/kyoto-daniela-justin-9x12.jpeg 9w\" sizes=\"auto, (max-width: 960px) 100vw, 960px\" \/>\n\n\n\n<img loading=\"lazy\" decoding=\"async\" width=\"960\" height=\"1280\" class=\"gb-media-c0bd32f2\" src=\"https:\/\/myreikitour.com\/wp-content\/uploads\/2026\/04\/nara-cervo-1.jpeg\" title=\"nara cervo\" alt=\"\" srcset=\"https:\/\/myreikitour.com\/wp-content\/uploads\/2026\/04\/nara-cervo-1.jpeg 960w, https:\/\/myreikitour.com\/wp-content\/uploads\/2026\/04\/nara-cervo-1-225x300.jpeg 225w, https:\/\/myreikitour.com\/wp-content\/uploads\/2026\/04\/nara-cervo-1-768x1024.jpeg 768w, https:\/\/myreikitour.com\/wp-content\/uploads\/2026\/04\/nara-cervo-1-9x12.jpeg 9w\" sizes=\"auto, (max-width: 960px) 100vw, 960px\" \/>\n<\/div>\n<\/div>\n<\/section>\n\n\n\n<section class=\"gbp-section gb-element-05f1a0a4\" id=\"informazionitour\">\n<div class=\"gbp-section__inner gb-element-81753d62\">\n<div class=\"gb-element-dee9aa83\">\n<p class=\"gb-text gbp-section__tagline\">Un gruppo ristretto, un percorso condiviso<\/p>\n\n\n\n<h2 class=\"gb-text gbp-section__headline\"><strong>Partecipare al Reiki Tour<\/strong><\/h2>\n\n\n\n<p class=\"gb-text gbp-section__text\">Il Reiki Tour si svolge in piccoli gruppi, per mantenere una qualit\u00e0 dell\u2019esperienza e delle relazioni lungo tutto il percorso.<br>Le prossime date disponibili sono indicate qui sotto.<br>Se senti che questa esperienza ti riguarda, puoi richiedere informazioni e iniziare il primo contatto.<\/p>\n\n\n\n<div class=\"gb-element-872cc5ff\">\n<div class=\"gb-element-f3c134c4\">\n<div class=\"gb-element-9b267a5a\">\n<h4 class=\"gb-text\">Date 2026<\/h4>\n\n\n\n<div>\n<h5 class=\"gb-text\">Primavera<\/h5>\n<\/div>\n\n\n\n<p class=\"gb-text\">dal 26 maggio al 3 giugno (posti esauriti)<\/p>\n\n\n\n<h5 class=\"gb-text\">Autunno<\/h5>\n\n\n\n<p class=\"gb-text\">dal 3 novembre al 10 novembre<\/p>\n\n\n\n<h4 class=\"gb-text\"><strong>Richiedi informazioni sul Reiki Tour<\/strong><\/h4>\n\n\n\n<div>\n<div class=\"wp-block-contact-form-7-contact-form-selector form-safe\">\n<div class=\"wpcf7 no-js\" id=\"wpcf7-f840-o1\" lang=\"it-IT\" dir=\"ltr\" data-wpcf7-id=\"840\">\n<div class=\"screen-reader-response\"><p role=\"status\" aria-live=\"polite\" aria-atomic=\"true\"><\/p> <ul><\/ul><\/div>\n<form action=\"\/it\/wp-json\/wp\/v2\/pages\/68#wpcf7-f840-o1\" method=\"post\" class=\"wpcf7-form init\" aria-label=\"Modulo di contatto\" novalidate=\"novalidate\" data-status=\"init\">\n<fieldset class=\"hidden-fields-container\"><input type=\"hidden\" name=\"_wpcf7\" value=\"840\" \/><input type=\"hidden\" name=\"_wpcf7_version\" value=\"6.1.5\" \/><input type=\"hidden\" name=\"_wpcf7_locale\" value=\"it_IT\" \/><input type=\"hidden\" name=\"_wpcf7_unit_tag\" value=\"wpcf7-f840-o1\" \/><input type=\"hidden\" name=\"_wpcf7_container_post\" value=\"0\" \/><input type=\"hidden\" name=\"_wpcf7_posted_data_hash\" value=\"\" \/>\n<\/fieldset>\n<p><label> Il tuo nome<br \/>\n<span class=\"wpcf7-form-control-wrap\" data-name=\"your-name\"><input size=\"40\" maxlength=\"400\" class=\"wpcf7-form-control wpcf7-text wpcf7-validates-as-required\" autocomplete=\"name\" aria-required=\"true\" aria-invalid=\"false\" value=\"\" type=\"text\" name=\"your-name\" \/><\/span> <\/label>\n<\/p>\n<p><label> La tua email<br \/>\n<span class=\"wpcf7-form-control-wrap\" data-name=\"your-email\"><input size=\"40\" maxlength=\"400\" class=\"wpcf7-form-control wpcf7-email wpcf7-validates-as-required wpcf7-text wpcf7-validates-as-email\" autocomplete=\"email\" aria-required=\"true\" aria-invalid=\"false\" value=\"\" type=\"email\" name=\"your-email\" \/><\/span> <\/label>\n<\/p>\n<p><label> Il tuo telefono<br \/>\n<span class=\"wpcf7-form-control-wrap\" data-name=\"tel-97\"><input size=\"40\" maxlength=\"400\" class=\"wpcf7-form-control wpcf7-tel wpcf7-validates-as-required wpcf7-text wpcf7-validates-as-tel\" aria-required=\"true\" aria-invalid=\"false\" value=\"\" type=\"tel\" name=\"tel-97\" \/><\/span> <\/label>\n<\/p>\n<p><label> Il tuo messaggio (facoltativo)<br \/>\n<span class=\"wpcf7-form-control-wrap\" data-name=\"your-message\"><textarea cols=\"40\" rows=\"10\" maxlength=\"2000\" class=\"wpcf7-form-control wpcf7-textarea\" aria-invalid=\"false\" name=\"your-message\"><\/textarea><\/span> <\/label>\n<\/p>\n<p><input class=\"wpcf7-form-control wpcf7-submit has-spinner\" type=\"submit\" value=\"Invia\" \/>\n<\/p><div class=\"wpcf7-response-output\" aria-hidden=\"true\"><\/div>\n<\/form>\n<\/div>\n<\/div>\n<\/div>\n<\/div>\n<\/div>\n<\/div>\n<\/div>\n<\/div>\n<\/section>\n\n\n\n<p><\/p>\n","protected":false},"excerpt":{"rendered":"<p>My Reiki TOUR Un viaggio esperienziale in Giappone Con base a Kyoto, in piccolo gruppo, tra pratica Reiki, cammino e &#8230; <a title=\"Home\" class=\"read-more\" href=\"https:\/\/myreikitour.com\/it\/\" aria-label=\"Per saperne di pi\u00f9 su Home\">Leggi tutto<\/a><\/p>\n","protected":false},"author":1,"featured_media":0,"parent":0,"menu_order":0,"comment_status":"closed","ping_status":"closed","template":"","meta":{"footnotes":""},"class_list":["post-68","page","type-page","status-publish"],"_hostinger_reach_plugin_has_subscription_block":false,"_hostinger_reach_plugin_is_elementor":false,"_links":{"self":[{"href":"https:\/\/myreikitour.com\/it\/wp-json\/wp\/v2\/pages\/68","targetHints":{"allow":["GET"]}}],"collection":[{"href":"https:\/\/myreikitour.com\/it\/wp-json\/wp\/v2\/pages"}],"about":[{"href":"https:\/\/myreikitour.com\/it\/wp-json\/wp\/v2\/types\/page"}],"author":[{"embeddable":true,"href":"https:\/\/myreikitour.com\/it\/wp-json\/wp\/v2\/users\/1"}],"replies":[{"embeddable":true,"href":"https:\/\/myreikitour.com\/it\/wp-json\/wp\/v2\/comments?post=68"}],"version-history":[{"count":96,"href":"https:\/\/myreikitour.com\/it\/wp-json\/wp\/v2\/pages\/68\/revisions"}],"predecessor-version":[{"id":1416,"href":"https:\/\/myreikitour.com\/it\/wp-json\/wp\/v2\/pages\/68\/revisions\/1416"}],"wp:attachment":[{"href":"https:\/\/myreikitour.com\/it\/wp-json\/wp\/v2\/media?parent=68"}],"curies":[{"name":"wp","href":"https:\/\/api.w.org\/{rel}","templated":true}]}}